{"id":198,"date":"2022-05-12T09:16:09","date_gmt":"2022-05-12T09:16:09","guid":{"rendered":"http:\/\/local.konyvtar\/?page_id=198"},"modified":"2025-11-10T17:50:57","modified_gmt":"2025-11-10T16:50:57","slug":"online-forrasok","status":"publish","type":"page","link":"https:\/\/konyvtar-kvik.uni-bge.hu\/en\/online-forrasok\/","title":{"rendered":"Online resources"},"content":{"rendered":"\n<p><strong>Online el\u00e9rhet\u0151&nbsp;dokumentumok<\/strong><\/p>\n\n\n\n<p><p><strong>Adatb\u00e1zisok:<\/strong><\/p>\n<p><a href=\"https:\/\/adatbank.krtk.mta.hu\/adatbazisok\/elerheto-adatbazisok\/\">K\u00f6zgazdas\u00e1g- \u00e9s Region\u00e1lis Tudom\u00e1nyi Kutat\u00f3k\u00f6zpont Adatbank<\/a><\/p>\n<p><strong>Bor, bor\u00e1szat:<\/strong><\/p><\/p>\n\n\n\n<p>&nbsp;<a href=\"http:\/\/www.borrend.hu\/dynamic\/hirek\/a_magyaroszagi_szolo_bor_agazat_strategiaja.pdf\" target=\"_blank\" rel=\"noreferrer noopener\">A magyarorsz\u00e1gi sz\u0151l\u0151-bor \u00e1gazat strar\u00e9gi\u00e1ja<\/a><\/p>\n\n\n\n<p>&nbsp;<a href=\"http:\/\/www.tbft.hu\/wp-content\/uploads\/2016\/06\/Hagyom%C3%A1ny-Term%C3%A9szet-Modernit%C3%A1s_A-Tokaji-borvid%C3%A9k-bemutat%C3%A1sa.pdf\" target=\"_blank\" rel=\"noreferrer noopener\">A Tokaji borvid\u00e9k bemutat\u00e1sa<\/a>&nbsp;<\/p>\n\n\n\n<p>&nbsp;<a href=\"http:\/\/www.ksh.hu\/docs\/hun\/xftp\/idoszaki\/pdf\/tokaji_borvid.pdf\" target=\"_blank\" rel=\"noreferrer noopener\">A&nbsp;vil\u00e1g\u00f6r\u00f6ks\u00e9g r\u00e9sz\u00e9t k\u00e9pez\u0151 Tokaji borvid\u00e9k<\/a>&nbsp;<\/p>\n\n\n\n<p>&nbsp;<a href=\"http:\/\/keszei.chem.elte.hu\/fizkem1\/borkostolas_alapjai_borkollegium.pdf\" target=\"_blank\" rel=\"noreferrer noopener\">Bork\u00f3stol\u00e1s alapjai<\/a>&nbsp;<\/p>\n\n\n\n<p>&nbsp;<a href=\"https:\/\/hvgkonyvek.hu\/uploads\/a-bor-nagykonyve-beleolvaso.pdf\" target=\"_blank\" rel=\"noreferrer noopener\">Madeline&nbsp;Puckette,&nbsp;Justin&nbsp;Hammacka:&nbsp;A bor nagyk\u00f6nyve (HVG k\u00f6nyvek)<\/a>&nbsp;&nbsp;<\/p>\n\n\n\n<p>&nbsp;<a href=\"https:\/\/core.ac.uk\/download\/pdf\/39558869.pdf\" target=\"_blank\" rel=\"noreferrer noopener\">Magyar bormarketing \u00e9s&nbsp;borfogyaszt\u00e1s Kiss Kl\u00e1ra \u00c1gnes<\/a>&nbsp;<\/p>\n\n\n\n<p>&nbsp;<a href=\"http:\/\/www.ksh.hu\/docs\/hun\/xftp\/idoszaki\/pdf\/moborvid_14.pdf\" target=\"_blank\" rel=\"noreferrer noopener\">Magyarorsz\u00e1g borvid\u00e9kei (2014<\/a>)&nbsp;<\/p>\n\n\n\n<p>&nbsp;<a href=\"http:\/\/www.borrend.hu\/dynamic\/hirek\/magyarorszag_szoleszetenek_es_boraszatanak_helyzete__2016.pdf\" target=\"_blank\" rel=\"noreferrer noopener\">Magyarorsz\u00e1g sz\u0151l\u00e9szet\u00e9nek \u00e9s bor\u00e1szat\u00e1nak helyzete &#8211; H\u00e1tt\u00e9rtanulm\u00e1ny az \u00e1gazati strat\u00e9gi\u00e1hoz<\/a>&nbsp;<\/p>\n\n\n\n<p>&nbsp;<a href=\"http:\/\/ageconsearch.umn.edu\/record\/266483\/files\/TelekiCsipkes.pdf\" target=\"_blank\" rel=\"noreferrer noopener\">Teleki Bal\u00e1zs, Csipk\u00e9s Margit Magyarorsz\u00e1g sz\u0151l\u0151- \u00e9s bor-\u00e1gazat\u00e1nak \u00e1ttekint\u00e9se az elm\u00falt 5 \u00e9vben (2017)<\/a><\/p>\n\n\n\n<p><strong>Eg\u00e9szs\u00e9g:,&nbsp;t\u00e1pl\u00e1lkoz\u00e1s, \u00e9rz\u00e9kenys\u00e9g:<\/strong><\/p>\n\n\n\n<p>&nbsp;<a href=\"http:\/\/mek.oszk.hu\/08200\/08241\/08241.pdf\" target=\"_blank\" rel=\"noreferrer noopener\">B\u0151cs \u00c9va [et&nbsp;al.] : Egyem vagy ne egyem?&nbsp;<\/a>&nbsp;<\/p>\n\n\n\n<p>&nbsp;<a href=\"https:\/\/www.orvtudert.ro\/images\/PDF\/2008_4\/2008_4_14.pdf\" target=\"_blank\" rel=\"noreferrer noopener\">Brassai Zolt\u00e1n, Brassai Attila, Kelemen Piroska: Fejezetek a cukorbetegs\u00e9g t\u00f6rt\u00e9net\u00e9b\u0151l<\/a>&nbsp;<\/p>\n\n\n\n<p>&nbsp;<a href=\"http:\/\/www.servier.hu\/downloads\/Etrendi_ajanlasok_cukorbetegeknek.pdf\" target=\"_blank\" rel=\"noreferrer noopener\">Gyurcs\u00e1n\u00e9&nbsp;Kondr\u00e1t&nbsp;Ilona:&nbsp;\u00c9trendi aj\u00e1nl\u00e1sok cukorbetegeknek hagyom\u00e1nyos \u00edzekkel<\/a><\/p>\n\n\n\n<p>&nbsp;<a href=\"http:\/\/mek.oszk.hu\/08200\/08258\/08258.pdf\" target=\"_blank\" rel=\"noreferrer noopener\">Fekete Krisztina [et&nbsp;al.] : Korszer\u0171 \u00e9s eg\u00e9szs\u00e9ges iskolai b\u00fcf\u00e9<\/a>&nbsp;<\/p>\n\n\n\n<p>&nbsp;<a href=\"http:\/\/mek.oszk.hu\/08200\/08240\/08240.pdf\" target=\"_blank\" rel=\"noreferrer noopener\">Fekete Krisztina &#8211; Kishegyi J\u00falia &#8211;&nbsp;Monspart&nbsp;Sarolt&nbsp;:&nbsp;A sz\u00edv konyh\u00e1j\u00e1nak receptk\u00f6nyve<\/a>&nbsp;<\/p>\n\n\n\n<p>&nbsp;<a href=\"http:\/\/www.etk.pte.hu\/public\/upload\/files\/Palyazati_iroda\/elnyert\/Klinikai_es_gyakorlati_dietetika.pdf\" target=\"_blank\" rel=\"noreferrer noopener\">Figler&nbsp;M\u00e1ria (szerk.): Klinikai \u00e9s gyakorlati&nbsp;dietetika<\/a>&nbsp;<\/p>\n\n\n\n<p>&nbsp;<a href=\"http:\/\/regi.oefi.hu\/cukorbeteg.pdf\" target=\"_blank\" rel=\"noreferrer noopener\">Dr. Halmos Tam\u00e1s: Cukorbetegs\u00e9g a csal\u00e1dban<\/a>&nbsp;<\/p>\n\n\n\n<p>&nbsp;<a href=\"http:\/\/taplalkozasmarketing.com\/wp-content\/uploads\/04_Pfau-et-al_Az-eg%C3%A9szs%C3%A9ges-t%C3%A1pl%C3%A1lkoz%C3%A1s-szerepe-%C3%A9s-jelent%C5%91s%C3%A9ge.pdf\" target=\"_blank\" rel=\"noreferrer noopener\">Pfau&nbsp;Christa&nbsp;&#8211; M\u00fcller Anetta &#8211; B\u00e1cs Zolt\u00e1n &#8211;&nbsp;B\u00e1csn\u00e9&nbsp;B\u00e1ba \u00c9va:&nbsp;Az eg\u00e9szs\u00e9ges t\u00e1pl\u00e1lkoz\u00e1s szerepe \u00e9s jelent\u0151s\u00e9ge<\/a><\/p>\n\n\n\n<p>&nbsp;<a href=\"http:\/\/real.mtak.hu\/57938\/1\/mental.14.2013.2.4.pdf\" target=\"_blank\" rel=\"noreferrer noopener\">Rig\u00f3 Adrien: A liszt\u00e9rz\u00e9kenys\u00e9g&nbsp;biopszichoszoci\u00e1lis&nbsp;szeml\u00e9let\u0171&nbsp;\u00e1ttekint\u00e9se<\/a>&nbsp;<\/p>\n\n\n\n<p>&nbsp;<a href=\"http:\/\/mek.oszk.hu\/09000\/09010\/09010.pdf\" target=\"_blank\" rel=\"noreferrer noopener\">R\u00f6ck&nbsp;Gyula: Az eg\u00e9szs\u00e9g term\u00e9szetes&nbsp;el\u0151felt\u00e9telei \u00e9s a&nbsp;veget\u00e1rizmus<\/a>&nbsp;<\/p>\n\n\n\n<p>&nbsp;<a href=\"http:\/\/mek.oszk.hu\/15900\/15974\/15974.pdf\" target=\"_blank\" rel=\"noreferrer noopener\">Soksz\u00edn\u0171 eg\u00e9szs\u00e9gtudatoss\u00e1g<\/a><\/p>\n\n\n\n<p>&nbsp;<a href=\"http:\/\/mek.oszk.hu\/04800\/04819\/04819.pdf\" target=\"_blank\" rel=\"noreferrer noopener\">Tippek \u00e9s tr\u00fckk\u00f6k a konyh\u00e1ban<\/a><\/p>\n\n\n\n<p><strong>Etikai k\u00f3dexek:<\/strong><\/p>\n\n\n\n<p>&nbsp;<a href=\"https:\/\/ecommerce.hu\/wp-content\/uploads\/2018\/06\/ecommerce-hungary-etikai-kdex-v20180625-final.pdf\" target=\"_blank\" rel=\"noreferrer noopener\">Az&nbsp;Ecommerce&nbsp;Hungary Etikai K\u00f3dexe 2018.<\/a>&nbsp;<\/p>\n\n\n\n<p>&nbsp;<a href=\"http:\/\/www.dsa.hu\/wp-content\/uploads\/2016\/02\/a-kozvetlen-ertekesites-europai-etikai-kodexe.pdf\" target=\"_blank\" rel=\"noreferrer noopener\">A K\u00f6zvetlen \u00c9rt\u00e9kes\u00edt\u00e9s Eur\u00f3pai Etikai K\u00f3dexe<\/a>&nbsp;<\/p>\n\n\n\n<p>&nbsp;<a href=\"http:\/\/www.mekisz.hu\/files\/pages\/etika.pdf\" target=\"_blank\" rel=\"noreferrer noopener\">A Magyarorsz\u00e1gi \u00c9trend-kieg\u00e9sz\u00edt\u0151 Gy\u00e1rt\u00f3k \u00e9s Forgalmaz\u00f3k Egyes\u00fclet\u00e9nek Etikai K\u00f3dexe (Verzi\u00f3_ 2014. m\u00e1jus)<\/a><\/p>\n\n\n\n<p>&nbsp;<a href=\"http:\/\/www.mvi.hu\/szakmai_hirek?action=show&amp;id=31\" target=\"_blank\" rel=\"noreferrer noopener\">A Magyar Vend\u00e9gl\u00e1t\u00f3k Ipartest\u00fclet\u00e9nek Etikai K\u00f3dexe (2013)<\/a><\/p>\n\n\n\n<p>&nbsp;<a href=\"https:\/\/www.mkik.hu\/hu\/magyar-kereskedelmi-es-iparkamara\/utazasi-irodak-es-ugynoksegek-2012\" target=\"_blank\" rel=\"noreferrer noopener\">Az utaz\u00e1si irod\u00e1k, \u00fcgyn\u00f6ks\u00e9gek etikai k\u00f3dexe<\/a><\/p>\n\n\n\n<p>&nbsp;<a href=\"https:\/\/www.mkik.hu\/hu\/magyar-kereskedelmi-es-iparkamara\/vendeglato-vallalkozok-2011\" target=\"_blank\" rel=\"noreferrer noopener\">A vend\u00e9gl\u00e1t\u00f3 v\u00e1llalkoz\u00f3k&nbsp;etikai&nbsp;k\u00f3dexe<\/a>&nbsp;<\/p>\n\n\n\n<p>&nbsp;<a href=\"http:\/\/oksz.hu\/kereskedelmi-etikai-kodex\" target=\"_blank\" rel=\"noreferrer noopener\">Kereskedelmi Etikai&nbsp;k\u00f3dex&nbsp;(ORSZ\u00c1GOS KERESKEDELMI SZ\u00d6VETS\u00c9G)<\/a>&nbsp;<\/p>\n\n\n\n<p>&nbsp;<a href=\"https:\/\/www.mkik.hu\/hu\/magyar-kereskedelmi-es-iparkamara\/kiallitas-es-vasarszervezok-etikai-kodexe-2133\" target=\"_blank\" rel=\"noreferrer noopener\">Ki\u00e1ll\u00edt\u00e1s- \u00e9s v\u00e1s\u00e1rszervez\u0151k&nbsp;etikai<\/a><a href=\"https:\/\/www.mkik.hu\/hu\/magyar-kereskedelmi-es-iparkamara\/kiallitas-es-vasarszervezok-etikai-kodexe-2133\" target=\"_blank\" rel=\"noreferrer noopener\">&nbsp;k\u00f3dexe<\/a><\/p>\n\n\n\n<p><strong>Gasztron\u00f3mia:<\/strong><\/p>\n\n\n\n<p><a href=\"http:\/\/mek.oszk.hu\/00100\/00134\/00134.pdf\" target=\"_blank\" rel=\"noreferrer noopener\">Rosta Erzs\u00e9bet: Veget\u00e1ri\u00e1nus konyha Indi\u00e1ban<\/a>&nbsp;<\/p>\n\n\n\n<p><a href=\"http:\/\/mek.oszk.hu\/06200\/06239\/06239.pdf\" target=\"_blank\" rel=\"noreferrer noopener\">Terebess&nbsp;G\u00e1bor: Ezer\u00edz\u0171 K\u00edna<\/a><\/p>\n\n\n\n<p><a href=\"http:\/\/mek.oszk.hu\/00100\/00129\/html\/\" target=\"_blank\" rel=\"noreferrer noopener\">Tusor&nbsp;Andr\u00e1s: Gasztron\u00f3mia<\/a><\/p>\n\n\n\n<p><a href=\"http:\/\/mek.oszk.hu\/14400\/14416\/14416.pdf\">Vnuk&nbsp;Milo\u0161n\u00e9&nbsp;Piroska &#8211;&nbsp;Vnuk&nbsp;Katalin &#8211;&nbsp;Milo\u0161&nbsp;Vnuk: Cseh \u00e9telek<\/a><\/p>\n\n\n\n<h4 class=\"wp-block-heading\" id=\"jelentes-riport\">Jelent\u00e9sek, elemz\u00e9sek, riportok magyarul<\/h4>\n\n\n\n<p><a href=\"http:\/\/www.tutsz.org.hu\/upload\/files\/TUTSZ%20Helyzetk%C3%A9p%202023%283%29.pdf\" target=\"_blank\" rel=\"noreferrer noopener\" data-type=\"link\" data-id=\"http:\/\/www.tutsz.org.hu\/upload\/files\/TUTSZ%20Helyzetk%C3%A9p%202023%283%29.pdf\">N\u00f6veked\u00e9si p\u00e1ly\u00e1n a hazai turizmus? A TUTSZ \u00f6sszefoglal\u00f3 jelent\u00e9se a hazai turizmus 2023. \u00e9vi teljes\u00edtm\u00e9ny\u00e9r\u0151l<\/a> (TUTSZ, 2024)<\/p>\n\n\n\n<p><a href=\"https:\/\/mvi.hu\/images\/szakmai_anyagok\/Statisztikai_helyzetjelentes_a_vendeglatasrol_2019_MVI.pdf\" target=\"_blank\" rel=\"noreferrer noopener\" data-type=\"link\" data-id=\"https:\/\/mvi.hu\/images\/szakmai_anyagok\/Statisztikai_helyzetjelentes_a_vendeglatasrol_2019_MVI.pdf\">Statisztikai helyzetjelent\u00e9s a vend\u00e9gl\u00e1t\u00e1sr\u00f3l 2019<\/a> (Magyar Vend\u00e9gl\u00e1t\u00f3k Ipartest\u00fclete)<\/p>\n\n\n\n<p><a href=\"http:\/\/magyarturisztikaiszovetseg.hu\/wp-content\/uploads\/2018\/02\/2018_02_27_Budapest_SWOT.pdf\" target=\"_blank\" rel=\"noreferrer noopener\">Budapest SWOT anal\u00edzis 2018<\/a> (Magyar Beutaztat\u00f3k Sz\u00f6vets\u00e9ge)<\/p>\n\n\n\n<p><a href=\"https:\/\/www.furdoszovetseg.hu\/wp-content\/uploads\/2019\/04\/furdok-trendriport-2018-evrol.pdf\" target=\"_blank\" rel=\"noreferrer noopener\">A hazai f\u00fcrd\u0151\u00e1gazat teljes\u00edtm\u00e9ny\u00e9nek vizsg\u00e1lata 2017. \u00e9s 2018. \u00e9vek vonatkoz\u00e1s\u00e1ban<\/a> (F\u00fcrd\u0151sz\u00f6vets\u00e9g)<\/p>\n\n\n\n<p><a href=\"http:\/\/www.hah.hu\/files\/6215\/2958\/2892\/RVID_TVON_BRBEADSRA_KERL_MAGNLAKSOK_2017.pdf\" target=\"_blank\" rel=\"noreferrer noopener\">A mag\u00e1nlak\u00e1sok k\u00edn\u00e1lat\u00e1nak \u00e9s az azokban regisztr\u00e1lt vend\u00e9g\u00e9jszak\u00e1k alakul\u00e1sa 2010-2017<\/a> (Sz\u00e1llodasz\u00f6vets\u00e9g)<\/p>\n\n\n\n<p><a href=\"https:\/\/gvh.hu\/data\/cms1034253\/Agazati_vizsgalat_online_szallashelyfoglalas_piacan_vegleges_jelentes_2016_06_08.pdf\" target=\"_blank\" rel=\"noreferrer noopener\">Jelent\u00e9s az online sz\u00e1ll\u00e1shelyfoglal\u00e1s piac\u00e1n lefolytatott \u00e1gazati vizsg\u00e1latr\u00f3l<\/a> (GVH, 2016)<\/p>\n\n\n\n<p><a href=\"http:\/\/www.hah.hu\/files\/3514\/6954\/2014\/A_magyar_szllodaipar_aktulis_helyzetrtkelse_2014-15_Vezeti_sszefoglal.pdf\" target=\"_blank\" rel=\"noreferrer noopener\">A magyar sz\u00e1llodaipar aktu\u00e1lis helyzet\u00e9rt\u00e9kel\u00e9se<\/a> (Sz\u00e1llodasz\u00f6vets\u00e9g, 2016)<\/p>\n\n\n\n<p><a href=\"http:\/\/www.hah.hu\/files\/2614\/7980\/8124\/Rvid_tv_lakskiads_terjedse_2016.11.16..pdf\" target=\"_blank\" rel=\"noreferrer noopener\">A k\u00f6z\u00f6ss\u00e9gi gazdas\u00e1g terjed\u00e9se Magyarorsz\u00e1gon 2010 \u00f3ta<\/a> (Sz\u00e1llodasz\u00f6vets\u00e9g, 2016)<\/p>\n\n\n\n<p><a href=\"http:\/\/magyarturisztikaiszovetseg.hu\/wp-content\/uploads\/2018\/05\/Fesztiv%C3%A1lkutat%C3%A1s-2016_sajt%C3%B3anyag_%C3%96KI.pdf\" target=\"_blank\" rel=\"noreferrer noopener\">Fesztiv\u00e1lkutat\u00e1s<\/a> (\u00d6r\u00f6ks\u00e9g Kult\u00farpolitikai Int\u00e9zet, 2016)<\/p>\n\n\n\n<p><a href=\"http:\/\/www.hah.hu\/files\/9414\/4231\/9735\/A_KZSSGI_GAZDASG_MEGJELENSE_MAGYARORSZGON_A_KERESKEDELMI_SZLLSHELYEK_PIACN_final.pdf\" target=\"_blank\" rel=\"noreferrer noopener\">A k\u00f6z\u00f6ss\u00e9gi gazdas\u00e1g megjelen\u00e9se Magyarorsz\u00e1gon a kereskedelmi sz\u00e1ll\u00e1shelyek piac\u00e1n<\/a> (Sz\u00e1llodasz\u00f6vets\u00e9g, 2015)<\/p>\n\n\n\n<h4 class=\"wp-block-heading\" id=\"konferencia\">Konferenciak\u00f6tetek<\/h4>\n\n\n\n<p><a href=\"https:\/\/docplayer.hu\/67974618-I-turizmus-es-biztonsag-nemzetkozi-tudomanyos-konferencia.html\" target=\"_blank\" rel=\"noreferrer noopener\">I. Turizmus \u00e9s biztons\u00e1g Nemzetk\u00f6zi Tudom\u00e1nyos Konferencia<\/a> (Nagykanizsa, 2016)<\/p>\n\n\n\n<p><a href=\"https:\/\/docplayer.hu\/140043896-Iii-turizmus-es-biztonsag-nemzetkozi-tudomanyos-konferencia-tanulmanykotet.html\" target=\"_blank\" rel=\"noreferrer noopener\" data-type=\"URL\" data-id=\"https:\/\/docplayer.hu\/140043896-Iii-turizmus-es-biztonsag-nemzetkozi-tudomanyos-konferencia-tanulmanykotet.html\">III. Turizmus \u00e9s biztons\u00e1g Nemzetk\u00f6zi Tudom\u00e1nyos Konferencia<\/a> (Nagykanizsa, 2019)<\/p>\n\n\n\n<p><a href=\"https:\/\/www.uni-nke.hu\/document\/uni-nke-hu\/Konferenciak%C3%B6tet_2020.pdf\" target=\"_blank\" rel=\"noreferrer noopener\" data-type=\"URL\" data-id=\"https:\/\/www.uni-nke.hu\/document\/uni-nke-hu\/Konferenciak%C3%B6tet_2020.pdf\">IV. Turizmus \u00e9s biztons\u00e1g Nemzetk\u00f6zi Tudom\u00e1nyos Konferencia<\/a> (Nagykanizsa, 2020)<\/p>\n\n\n\n<p><a href=\"https:\/\/pen.uni-pannon.hu\/wp-content\/uploads\/2023\/06\/VI.-Turizmus-e%CC%81s-biztonsa%CC%81g-tudoma%CC%81nyos-konferencia-tanulma%CC%81nyko%CC%88tete_2022.pdf\" target=\"_blank\" rel=\"noreferrer noopener\" data-type=\"URL\" data-id=\"https:\/\/pen.uni-pannon.hu\/wp-content\/uploads\/2023\/06\/VI.-Turizmus-e%CC%81s-biztonsa%CC%81g-tudoma%CC%81nyos-konferencia-tanulma%CC%81nyko%CC%88tete_2022.pdf\">VI. Turizmus \u00e9s biztons\u00e1g Nemzetk\u00f6zi Tudom\u00e1nyos Konferencia<\/a> (Nagykanizsa, 2022)<\/p>\n\n\n\n<p><a href=\"https:\/\/pen.uni-pannon.hu\/wp-content\/uploads\/2023\/06\/VII.-Turizmus-e%CC%81s-biztonsa%CC%81g-tudoma%CC%81nyos-konferencia-tanulma%CC%81nyko%CC%88tete-Ve%CC%81g...leges_.pdf\" target=\"_blank\" rel=\"noreferrer noopener\" data-type=\"URL\" data-id=\"https:\/\/pen.uni-pannon.hu\/wp-content\/uploads\/2023\/06\/VII.-Turizmus-e%CC%81s-biztonsa%CC%81g-tudoma%CC%81nyos-konferencia-tanulma%CC%81nyko%CC%88tete-Ve%CC%81g...leges_.pdf\">VII. Turizmus \u00e9s biztons\u00e1g Nemzetk\u00f6zi Tudom\u00e1nyos Konferencia<\/a> (Nagykanizsa, 2023)<\/p>\n\n\n\n<p><a href=\"https:\/\/idforg.sze.hu\/images\/10_Turizmus%20Konferencia\/Tanulm%C3%A1nyk%C3%B6tetek\/Multidiszciplinarit%C3%A1s%20a%20turizmusban%20TANULM%C3%81NYOK.pdf\" target=\"_blank\" rel=\"noreferrer noopener\">X. Nemzetk\u00f6zi Turizmus Konferencia<\/a> (Gy\u0151r, 2019)<\/p>\n\n\n\n<p><a href=\"https:\/\/idforg.sze.hu\/images\/10_Turizmus%20Konferencia\/Tanulm%C3%A1nyk%C3%B6tetek\/V%C3%A1ltoz%C3%B3%20vil%C3%A1g,%20v%C3%A1ltoz%C3%B3%20turizmus_Tanulm%C3%A1nyk%C3%B6tet_2020.pdf\" target=\"_blank\" rel=\"noreferrer noopener\">XI. Nemzetk\u00f6zi Turizmus Konferencia <\/a>(Gy\u0151r, 2021)<\/p>\n\n\n\n<p><a href=\"https:\/\/idforg.sze.hu\/images\/10_Turizmus%20Konferencia\/Tanulm%C3%A1nyk%C3%B6tetek\/Folytat%C3%A1s%20vagy%20%C3%BAjrakezd%C3%A9s%20a%20turizmusban_Tanulm%C3%A1nyk%C3%B6tet_2021.pdf\" target=\"_blank\" rel=\"noreferrer noopener\">XII. Nemzetk\u00f6zi Turizmus Konferencia<\/a> (Gy\u0151r, 2022)<\/p>\n\n\n\n<p><a href=\"https:\/\/pea.lib.pte.hu\/bitstream\/handle\/pea\/34266\/mate-andre-dan-andrea-videki-oroks%c3%a9gi-ertekek-2022.pdf?sequence=1&amp;isAllowed=y\" target=\"_blank\" rel=\"noreferrer noopener\" data-type=\"URL\" data-id=\"https:\/\/pea.lib.pte.hu\/bitstream\/handle\/pea\/34266\/mate-andre-dan-andrea-videki-oroks%c3%a9gi-ertekek-2022.pdf?sequence=1&amp;isAllowed=y\">II. Nemzetk\u00f6zi Vid\u00e9ki \u00d6r\u00f6ks\u00e9g Konferencia<\/a> (Orf\u0171, 2022)<\/p>\n\n\n\n<p><a href=\"https:\/\/www.etk.pte.hu\/public\/upload\/files\/Egturizmus\/VI_EgeszsegturizmusKonferencia-Tanulmanykotet.pdf\" target=\"_blank\" rel=\"noreferrer noopener\" data-type=\"URL\" data-id=\"https:\/\/www.etk.pte.hu\/public\/upload\/files\/Egturizmus\/VI_EgeszsegturizmusKonferencia-Tanulmanykotet.pdf\">VI. Zalaegerszegi Nemzetk\u00f6zi Eg\u00e9szs\u00e9gturizmus Konferencia<\/a> (Zalaegerszeg, 2023)<\/p>\n\n\n\n<p><a href=\"https:\/\/library.hungaricana.hu\/hu\/view\/MEGY_SOMO_Sk_2015_A_Furdoelet_Es_Egeszseg\/?pg=0&amp;layout=s\">A f\u00fcrd\u0151\u00e9let \u00e9s eg\u00e9szs\u00e9gturizmus a Dun\u00e1nt\u00falon az \u00f3kort\u00f3l napjainkig c\u00edm\u0171 konferencia tanulm\u00e1nyk\u00f6tete<\/a> (Kaposv\u00e1r, 2015)<\/p>\n\n\n\n<p><a href=\"https:\/\/docplayer.hu\/104987429-Kozgazdasz-doktoranduszok-es-kutatok-iv-teli-konferenciaja.html\" target=\"_blank\" rel=\"noreferrer noopener\">K\u00f6zgazd\u00e1sz Doktoranduszok \u00e9s Kutat\u00f3k IV. T\u00e9li Konferenci\u00e1ja<\/a> (G\u00f6d\u00f6ll\u0151, 2018)<\/p>\n\n\n\n<p><a href=\"https:\/\/emok.hu\/tanulmany-kereso\/konferenciakotetek\" target=\"_blank\" rel=\"noreferrer noopener\">Marketing Oktat\u00f3k Konferenci\u00e1ja (MOK-EMOK) konferenciak\u00f6tetek<\/a> (t\u00f6bb \u00e9vre visszamen\u0151en)<\/p>\n\n\n\n<h4 class=\"wp-block-heading\" id=\"korona\"><strong>Koronav\u00edrussal kapcsolatos anyagok<\/strong><\/h4>\n\n\n\n<p><a href=\"http:\/\/real.mtak.hu\/146349\/1\/Turizmusbiztonsag_jarvany_geopolitika_2022.pdf\" target=\"_blank\" rel=\"noreferrer noopener\" data-type=\"URL\" data-id=\"http:\/\/real.mtak.hu\/146349\/1\/Turizmusbiztonsag_jarvany_geopolitika_2022.pdf\">Turizmusbiztons\u00e1g, j\u00e1rv\u00e1ny, geopolitika<\/a> \/ (szerk.) Michalk\u00f3 G\u00e1bor-N\u00e9meth J\u00f3zsef-Birkner Zolt\u00e1n (2022)<\/p>\n\n\n\n<p><a href=\"https:\/\/www.furdoszovetseg.hu\/wp-content\/uploads\/2020\/04\/furdovedelmi-akcioterv-2020-04-20.pdf\" target=\"_blank\" rel=\"noreferrer noopener\" data-type=\"URL\" data-id=\"https:\/\/www.furdoszovetseg.hu\/wp-content\/uploads\/2020\/04\/furdovedelmi-akcioterv-2020-04-20.pdf\">F\u00fcrd\u0151v\u00e9delmi Akci\u00f3terv kezdem\u00e9nyez\u00e9se 2020<\/a><\/p>\n\n\n\n<p><a href=\"http:\/\/www.ksh.hu\/docs\/hun\/xftp\/idoszaki\/jeltur\/2020\/helyzetkep_turizmus_2020.pdf\" target=\"_blank\" rel=\"noreferrer noopener\">Helyzetk\u00e9p a turizmus, vend\u00e9gl\u00e1t\u00e1s \u00e1gazatr\u00f3l<\/a> (KSH, 2020)<\/p>\n\n\n\n<p><a href=\"https:\/\/webunwto.s3.eu-west-1.amazonaws.com\/s3fs-public\/2020-12\/2020_Year_in_Review_0.pdf\" target=\"_blank\" rel=\"noreferrer noopener\">COVID-19 and tourism 2020: A year in review<\/a> (UNWTO)<\/p>\n\n\n\n<p><a href=\"https:\/\/etc-corporate.org\/uploads\/2020\/09\/ETC_NTO_RECOVERY_STRATEGIES_2020_v5.pdf\" target=\"_blank\" rel=\"noreferrer noopener\" data-type=\"URL\" data-id=\"https:\/\/etc-corporate.org\/uploads\/2020\/09\/ETC_NTO_RECOVERY_STRATEGIES_2020_v5.pdf\">COVID-19 Recovery Strategies for National Tourism Organisations 2020<\/a><\/p>\n\n\n\n<p><a href=\"https:\/\/wttc.org\/Portals\/0\/Documents\/WTTC%20COVID-19%20Strong%20Policies%2007.04.pdf?ver=2021-04-08-112055-103\" target=\"_blank\" rel=\"noreferrer noopener\" data-type=\"URL\" data-id=\"https:\/\/wttc.org\/Portals\/0\/Documents\/WTTC%20COVID-19%20Strong%20Policies%2007.04.pdf?ver=2021-04-08-112055-103\">COVID-19 Related Policy Shifts Supportive of Travel &amp; Tourism Sector 2021<\/a><\/p>\n\n\n\n<p><a href=\"https:\/\/www.unwto.org\/impact-assessment-of-the-covid-19-outbreak-on-international-tourism\" target=\"_blank\" rel=\"noreferrer noopener\" data-type=\"URL\" data-id=\"https:\/\/www.unwto.org\/impact-assessment-of-the-covid-19-outbreak-on-international-tourism\">Impact Assessment of the COVID-19 outbreak on international tourism<\/a> (UNWTO)<\/p>\n\n\n\n<h4 class=\"wp-block-heading has-navy-blue-color has-text-color\" id=\"kozosseg\"><strong>K\u00f6z\u00f6ss\u00e9gszervez\u00e9s<\/strong><\/h4>\n\n\n\n<p><a href=\"https:\/\/nmi.hu\/data-files\/userfiles\/files\/A%20k%C3%B6z%C3%B6ss%C3%A9gi%20m%C5%B1vel%C5%91d%C3%A9s%20k%C3%A9pz%C3%A9si%20%C3%A9s%20tov%C3%A1bbk%C3%A9pz%C3%A9si%20rendszere_2023_publikalasra_vegleges.pdf\" target=\"_blank\" rel=\"noreferrer noopener\" data-type=\"URL\" data-id=\"https:\/\/nmi.hu\/data-files\/userfiles\/files\/A%20k%C3%B6z%C3%B6ss%C3%A9gi%20m%C5%B1vel%C5%91d%C3%A9s%20k%C3%A9pz%C3%A9si%20%C3%A9s%20tov%C3%A1bbk%C3%A9pz%C3%A9si%20rendszere_2023_publikalasra_vegleges.pdf\">A k\u00f6z\u00f6ss\u00e9gi m\u0171vel\u0151d\u00e9s k\u00e9pz\u00e9si \u00e9s tov\u00e1bbk\u00e9pz\u00e9si rendszere<\/a> \/ Juh\u00e1sz Erika, Pete Nikoletta (2023)<\/p>\n\n\n\n<p><a href=\"https:\/\/nmi.hu\/wp-content\/uploads\/2021\/05\/M%C3%A1rk%C3%A1z%C3%A1s-%C3%A9s-kultur%C3%A1lis-k%C3%B6z%C3%B6ss%C3%A9gszervez%C3%A9s-v%C3%A9gleges.pdf\" target=\"_blank\" rel=\"noreferrer noopener\">M\u00e1rk\u00e1z\u00e1s \u00e9s kultur\u00e1lis k\u00f6z\u00f6ss\u00e9gszervez\u00e9s<\/a> \/ D\u00e9r Cs. Dezs\u0151, Szente B\u00e9la (2021)<\/p>\n\n\n\n<p><a href=\"https:\/\/nmi.hu\/wp-content\/uploads\/2019\/02\/Tud%C3%A1st%C3%A1r-II.-A-k%C3%B6z%C3%B6ss%C3%A9gfejleszt%C3%A9s-alapjai-a-k%C3%B6zm%C5%B1vel%C5%91d%C3%A9sben.pdf\" target=\"_blank\" rel=\"noreferrer noopener\" data-type=\"URL\" data-id=\"https:\/\/nmi.hu\/wp-content\/uploads\/2019\/02\/Tud%C3%A1st%C3%A1r-II.-A-k%C3%B6z%C3%B6ss%C3%A9gfejleszt%C3%A9s-alapjai-a-k%C3%B6zm%C5%B1vel%C5%91d%C3%A9sben.pdf\">A k\u00f6z\u00f6ss\u00e9gfejleszt\u00e9s alapjai a k\u00f6zm\u0171vel\u0151d\u00e9sben<\/a> \/ Kleisz Ter\u00e9z, D\u00f3ri \u00c9va (2018)<\/p>\n\n\n\n<p><a href=\"https:\/\/nmi.hu\/wp-content\/uploads\/2019\/02\/Tud%C3%A1st%C3%A1r-III.-K%C3%B6z%C3%B6ss%C3%A9gi-esem%C3%A9nyek-menedzsmentje.pdf\" target=\"_blank\" rel=\"noreferrer noopener\" data-type=\"URL\" data-id=\"https:\/\/nmi.hu\/wp-content\/uploads\/2019\/02\/Tud%C3%A1st%C3%A1r-III.-K%C3%B6z%C3%B6ss%C3%A9gi-esem%C3%A9nyek-menedzsmentje.pdf\">K\u00f6z\u00f6ss\u00e9gi esem\u00e9nyek menedzsmentje<\/a> \/ Ker\u00fcl\u0151 Judit, Csatl\u00f3sn\u00e9 Kom\u00e1romi Katalin (2018)<\/p>\n\n\n\n<p><a href=\"https:\/\/nmi.hu\/wp-content\/uploads\/2019\/02\/Tud%C3%A1st%C3%A1r-IV.-Kultur%C3%A1lis-k%C3%B6z%C3%B6ss%C3%A9gi-marketing-%C3%A9s-m%C3%A9dia-ismeretek.pdf\" target=\"_blank\" rel=\"noreferrer noopener\" data-type=\"URL\" data-id=\"https:\/\/nmi.hu\/wp-content\/uploads\/2019\/02\/Tud%C3%A1st%C3%A1r-IV.-Kultur%C3%A1lis-k%C3%B6z%C3%B6ss%C3%A9gi-marketing-%C3%A9s-m%C3%A9dia-ismeretek.pdf\">Kultur\u00e1lis k\u00f6z\u00f6ss\u00e9gi marketing \u00e9s m\u00e9dia ismeretek<\/a> \/ Herzog Csilla, B. Heged\u0171s Katalin (2018)<\/p>\n\n\n\n<p><a href=\"https:\/\/nmi.hu\/wp-content\/uploads\/2019\/02\/Tud%C3%A1st%C3%A1r-V.-Min%C5%91s%C3%A9g%C3%BCgy-a-k%C3%B6zm%C5%B1vel%C5%91d%C3%A9sben.pdf\" target=\"_blank\" rel=\"noreferrer noopener\" data-type=\"URL\" data-id=\"https:\/\/nmi.hu\/wp-content\/uploads\/2019\/02\/Tud%C3%A1st%C3%A1r-V.-Min%C5%91s%C3%A9g%C3%BCgy-a-k%C3%B6zm%C5%B1vel%C5%91d%C3%A9sben.pdf\">Min\u0151s\u00e9g\u00fcgy a k\u00f6zm\u0171vel\u0151d\u00e9sben<\/a> \/ Tak\u00e1cs-Mikl\u00f3si M\u00e1rta, Kary J\u00f3zsef (2018)<\/p>\n\n\n\n<p><a href=\"https:\/\/nmi.hu\/wp-content\/uploads\/2019\/02\/Tud%C3%A1st%C3%A1r-VI.-Szervez%C3%A9si-vezet%C3%A9si-ismeretek-vezet%C5%91i-feladatok-a-k%C3%B6z%C3%B6ss%C3%A9gi-m%C5%B1vel%C5%91d%C3%A9sben.pdf\" target=\"_blank\" rel=\"noreferrer noopener\" data-type=\"URL\" data-id=\"https:\/\/nmi.hu\/wp-content\/uploads\/2019\/02\/Tud%C3%A1st%C3%A1r-VI.-Szervez%C3%A9si-vezet%C3%A9si-ismeretek-vezet%C5%91i-feladatok-a-k%C3%B6z%C3%B6ss%C3%A9gi-m%C5%B1vel%C5%91d%C3%A9sben.pdf\">Szervez\u00e9si-vezet\u00e9si ismeretek, vezet\u0151i feladatok a k\u00f6z\u00f6ss\u00e9gi m\u0171vel\u0151d\u00e9sben<\/a> \/ Keczer Gabriella, Szente B\u00e9la (2018)<\/p>\n\n\n\n<p><a href=\"https:\/\/nmi.hu\/wp-content\/uploads\/2019\/02\/Tud%C3%A1st%C3%A1r-VII.-Kultur%C3%A1lis-v%C3%A1llalkoz%C3%A1s-%C3%A9s-gazdas%C3%A1gfejleszt%C3%A9s.pdf\" target=\"_blank\" rel=\"noreferrer noopener\" data-type=\"URL\" data-id=\"https:\/\/nmi.hu\/wp-content\/uploads\/2019\/02\/Tud%C3%A1st%C3%A1r-VII.-Kultur%C3%A1lis-v%C3%A1llalkoz%C3%A1s-%C3%A9s-gazdas%C3%A1gfejleszt%C3%A9s.pdf\">Kultur\u00e1lis v\u00e1llalkoz\u00e1s- \u00e9s gazdas\u00e1gfejleszt\u00e9s<\/a> \/ Szab\u00f3 J\u00f3zsef, Katon\u00e1n\u00e9 Kov\u00e1cs Judit (2018)<\/p>\n\n\n\n<p><a href=\"https:\/\/nmi.hu\/wp-content\/uploads\/2019\/02\/Tud%C3%A1st%C3%A1r-VIII.-Motiv%C3%A1l%C3%A1s-a-k%C3%B6z%C3%B6ss%C3%A9gi-m%C5%B1vel%C5%91d%C3%A9sben-%C3%A9s-az-ifj%C3%BAs%C3%A1g-bevon%C3%A1sa.pdf\" target=\"_blank\" rel=\"noreferrer noopener\" data-type=\"URL\" data-id=\"https:\/\/nmi.hu\/wp-content\/uploads\/2019\/02\/Tud%C3%A1st%C3%A1r-VIII.-Motiv%C3%A1l%C3%A1s-a-k%C3%B6z%C3%B6ss%C3%A9gi-m%C5%B1vel%C5%91d%C3%A9sben-%C3%A9s-az-ifj%C3%BAs%C3%A1g-bevon%C3%A1sa.pdf\">Motiv\u00e1l\u00e1s a k\u00f6z\u00f6ss\u00e9gi m\u0171vel\u0151d\u00e9sben \u00e9s az ifj\u00fas\u00e1g bevon\u00e1sa<\/a> \/ Nagy \u00c1d\u00e1m, Szab\u00f3 Judit Nikoletta (2018)<\/p>\n\n\n\n<p><a href=\"https:\/\/nmi.hu\/wp-content\/uploads\/2019\/02\/Tud%C3%A1st%C3%A1r-IX.-Mentorok-a-k%C3%B6z%C3%B6ss%C3%A9gi-m%C5%B1vel%C5%91d%C3%A9sben.pdf\" target=\"_blank\" rel=\"noreferrer noopener\" data-type=\"URL\" data-id=\"https:\/\/nmi.hu\/wp-content\/uploads\/2019\/02\/Tud%C3%A1st%C3%A1r-IX.-Mentorok-a-k%C3%B6z%C3%B6ss%C3%A9gi-m%C5%B1vel%C5%91d%C3%A9sben.pdf\">Mentorok a k\u00f6z\u00f6ss\u00e9gi m\u0171vel\u0151d\u00e9sben \u00e9s az amat\u0151r m\u0171v\u00e9szeti mozgalomban<\/a> \/ M\u00e1rkus Edina, Angyal L\u00e1szl\u00f3 (2018)<\/p>\n\n\n\n<p><a href=\"https:\/\/nmi.hu\/wp-content\/uploads\/2019\/02\/Tud%C3%A1st%C3%A1r-X.-Kult%C3%BArakutat%C3%A1s-m%C3%B3dszertani-alapjai.pdf\" target=\"_blank\" rel=\"noreferrer noopener\" data-type=\"URL\" data-id=\"https:\/\/nmi.hu\/wp-content\/uploads\/2019\/02\/Tud%C3%A1st%C3%A1r-X.-Kult%C3%BArakutat%C3%A1s-m%C3%B3dszertani-alapjai.pdf\">Kult\u00farakutat\u00e1s m\u00f3dszertani alapjai<\/a> \/ Csern\u00e9 Adermann Gizella, Ponyi L\u00e1szl\u00f3 (2018)<\/p>\n\n\n\n<p><a href=\"https:\/\/nmi.hu\/wp-content\/uploads\/2019\/02\/Tud%C3%A1st%C3%A1r-XI.-Civil-ismeretek-a-k%C3%B6z%C3%B6ss%C3%A9gi-m%C5%B1vel%C5%91d%C3%A9sben.pdf\" target=\"_blank\" rel=\"noreferrer noopener\" data-type=\"URL\" data-id=\"https:\/\/nmi.hu\/wp-content\/uploads\/2019\/02\/Tud%C3%A1st%C3%A1r-XI.-Civil-ismeretek-a-k%C3%B6z%C3%B6ss%C3%A9gi-m%C5%B1vel%C5%91d%C3%A9sben.pdf\">Civil ismeretek a k\u00f6z\u00f6ss\u00e9gi m\u0171vel\u0151d\u00e9sben<\/a> \/ M\u00e1rkus Edina, Pete Nikoletta (2018)<\/p>\n\n\n\n<p><a href=\"https:\/\/nmi.hu\/wp-content\/uploads\/2019\/02\/Tud%C3%A1st%C3%A1r-XII.-Kultur%C3%A1lis-turizmus.pdf\" target=\"_blank\" rel=\"noreferrer noopener\" data-type=\"URL\" data-id=\"https:\/\/nmi.hu\/wp-content\/uploads\/2019\/02\/Tud%C3%A1st%C3%A1r-XII.-Kultur%C3%A1lis-turizmus.pdf\">Kultur\u00e1lis turizmus<\/a> \/ Sim\u00e1ndi Szilvia, Benkei-Kov\u00e1cs Bal\u00e1zs (2018)<\/p>\n\n\n\n<h4 class=\"wp-block-heading\">Monogr\u00e1fi\u00e1k, tanulm\u00e1nyk\u00f6tetek<\/h4>\r\n<p><a href=\"https:\/\/real.mtak.hu\/210924\/1\/TA_13_online.pdf\">A helyek arcvon\u00e1sai<\/a> \/ (szerk.) Michalk\u00f3 G\u00e1bor, R\u00e1tz Tamara, Donka Attila (2024)<\/p>\n\n\n\n<p><a href=\"http:\/\/real.mtak.hu\/171042\/1\/turizmus_valsagjelensegei.pdf\" target=\"_blank\" rel=\"noreferrer noopener\" data-type=\"URL\" data-id=\"http:\/\/real.mtak.hu\/171042\/1\/turizmus_valsagjelensegei.pdf\">A turizmus v\u00e1ls\u00e1gjelens\u00e9gei<\/a> \/ (szerk.) Szalai Katalin, Michalk\u00f3 G\u00e1bor, R\u00e1tz Tamara (2023)<\/p>\n\n\n\n<p><a href=\"https:\/\/webshop.ludovika.hu\/termek\/konyvek\/tarsadalomtudomany\/a-hungarikumok-szerepe-a-magyar-identitas-es-az-orszagimazs-formalasaban\/\">A hungarikumok szerepe a magyar identit\u00e1s \u00e9s az orsz\u00e1gim\u00e1zs form\u00e1l\u00e1s\u00e1ban<\/a> \/ (szerk.) T\u0151zs\u00e9r Anett (2023)<\/p>\n\n\n\n<p><a href=\"https:\/\/real.mtak.hu\/172303\/1\/biztonsag_szerepe.pdf\" target=\"_blank\" rel=\"noreferrer noopener\" data-type=\"URL\" data-id=\"https:\/\/real.mtak.hu\/172303\/1\/biztonsag_szerepe.pdf\">A biztons\u00e1g szerepe a turisztikai term\u00e9kfejleszt\u00e9sben \u00e9s -menedzsmentben<\/a> \/ (szerk.) Michalk\u00f3 G\u00e1bor, N\u00e9meth J\u00f3zsef, Birkner Zolt\u00e1n (2023)<\/p>\n\n\n\n<p><a href=\"https:\/\/pea.lib.pte.hu\/bitstream\/handle\/pea\/44331\/EMIK_2023_tanulmanykotet_webre_20240206.pdf?sequence=3&amp;isAllowed=y\" target=\"_blank\" rel=\"noreferrer noopener\" data-type=\"URL\" data-id=\"https:\/\/pea.lib.pte.hu\/bitstream\/handle\/pea\/44331\/EMIK_2023_tanulmanykotet_webre_20240206.pdf?sequence=3&amp;isAllowed=y\">Empatikus marketing interdiszciplin\u00e1ris k\u00f6zel\u00edt\u00e9sben<\/a> \/ (szerk.) Sz\u0171cs Kriszti\u00e1n, Csap\u00f3 J\u00e1nos, Jakop\u00e1necz Eszter (2023)<\/p>\n\n\n\n<p><a href=\"https:\/\/real.mtak.hu\/146349\/1\/Turizmusbiztonsag_jarvany_geopolitika_2022.pdf\" target=\"_blank\" rel=\"noreferrer noopener\" data-type=\"URL\" data-id=\"https:\/\/real.mtak.hu\/146349\/1\/Turizmusbiztonsag_jarvany_geopolitika_2022.pdf\">Turizmusbiztons\u00e1g, j\u00e1rv\u00e1ny, geopolitika<\/a> \/ (szerk.) Michalk\u00f3 G\u00e1bor, N\u00e9meth J\u00f3zsef, Birkner Zolt\u00e1n (2022)<\/p>\n\n\n\n<p><p><a href=\"http:\/\/real.mtak.hu\/145205\/1\/Turizmus_Akademia_11_2022.pdf\" target=\"_blank\" rel=\"noreferrer noopener\" data-type=\"URL\" data-id=\"http:\/\/real.mtak.hu\/145205\/1\/Turizmus_Akademia_11_2022.pdf\">Egy\u00fcttm\u0171k\u00f6d\u00e9s, partners\u00e9g, h\u00e1l\u00f3zatok a turizmusban<\/a> \/ (szerk.) R\u00e1tz Tamara, Michalk\u00f3 G\u00e1bor, Zsarn\u00f3czky Martin (2022)<\/p>\n<p><a href=\"https:\/\/kti.uni-nke.hu\/document\/vtkk-uni-nke-hu\/protokoll_2_konyv.pdf\">K\u00f6zszolg\u00e1lati protokoll 2.: A t\u00e1rsas \u00e9rintkez\u00e9s keretei \u00e9s form\u00e1i<\/a> (szerk.) Dr. B\u00e1ba Iv\u00e1n, Dr. Borb\u00e1s Beatrix (2021)<\/p><\/p>\n\n\n\n<p><a href=\"https:\/\/www.gyeregyalog.hu\/dox\/gonda.pdf\" target=\"_blank\" rel=\"noreferrer noopener\">A vend\u00e9gl\u00e1t\u00e1s id\u0151szer\u0171 k\u00e9rd\u00e9sei<\/a> \/ (szerk.) Gonda Tibor (2021)<\/p>\n\n\n\n<p><a href=\"https:\/\/www.gtk.uni-pannon.hu\/wp-content\/uploads\/2021\/09\/Fenntarthato_fesztivalok_kezikonyv_2021_VEGL.pdf\" target=\"_blank\" rel=\"noreferrer noopener\" data-type=\"URL\" data-id=\"https:\/\/www.gtk.uni-pannon.hu\/wp-content\/uploads\/2021\/09\/Fenntarthato_fesztivalok_kezikonyv_2021_VEGL.pdf\">18 tipp a fenntarthat\u00f3 rendezv\u00e9nyszervez\u00e9shez k\u00e9zik\u00f6nyv<\/a> \/ Dominus \u00c1kos, Ernszt Ildik\u00f3, Form\u00e1di Katalin, L\u0151rincz Katalin, Pint\u00e9r Margar\u00e9ta, Raffay-Danyi \u00c1gnes, Sigmond Eszter (2021)<\/p>\n\n\n\n<p><a href=\"https:\/\/www.gtk.uni-pannon.hu\/wp-content\/uploads\/2021\/12\/batuki_tanulmanykotet_2020_nyomda.pdf\" target=\"_blank\" rel=\"noreferrer noopener\" data-type=\"URL\" data-id=\"https:\/\/www.gtk.uni-pannon.hu\/wp-content\/uploads\/2021\/12\/batuki_tanulmanykotet_2020_nyomda.pdf\">Balaton vihar el\u0151tt \u00e9s ut\u00e1n &#8211; A t\u00e9rs\u00e9g, mint \u00e9lett\u00e9r, \u00e9s mint turisztikai \u00fati c\u00e9l aktu\u00e1lis kih\u00edv\u00e1sai<\/a> \/ (szerk.) Sulyok Judit, Papp Zs\u00f3fia M\u00e1rta, Form\u00e1di Katalin, Feh\u00e9rv\u00f6lgyi Be\u00e1ta (2021)<\/p>\n\n\n\n<p><a href=\"https:\/\/pea.lib.pte.hu\/bitstream\/handle\/pea\/23854\/csapo-torocsik-a-turizmus-jovoje-a-nemzetkozi-es-hazai-turizmus-legujabb-trendjeinek-elemzese-elmeleti-es-gyakorlati-megkozelitesben-PTE-KTK-2020.pdf?sequence=1&amp;isAllowed=y\" target=\"_blank\" rel=\"noreferrer noopener\">A turizmus j\u00f6v\u0151je, a nemzetk\u00f6zi \u00e9s hazai turizmus leg\u00fajabb trendjeinek elemz\u00e9se elm\u00e9leti \u00e9s gyakorlati megk\u00f6zel\u00edt\u00e9sben<\/a> \/ Csap\u00f3 J\u00e1nos, T\u00f6r\u0151csik M\u00e1ria (2020)<\/p>\n\n\n\n<p><a href=\"https:\/\/nkerepo.uni-nke.hu\/xmlui\/bitstream\/handle\/123456789\/15964\/Web_PDF_Turizmusbiztonsag.pdf;jsessionid=5C36DD8D89C0F49694979A2A8A024DF9?sequence=1\" target=\"_blank\" rel=\"noreferrer noopener\" data-type=\"URL\" data-id=\"https:\/\/nkerepo.uni-nke.hu\/xmlui\/bitstream\/handle\/123456789\/15964\/Web_PDF_Turizmusbiztonsag.pdf;jsessionid=5C36DD8D89C0F49694979A2A8A024DF9?sequence=1\">Turizmusbiztons\u00e1g<\/a> \/ (szerk.) Michalk\u00f3 G\u00e1bor, N\u00e9meth J\u00f3zsef, Ritecz Gy\u00f6rgy (2020)<\/p>\n\n\n\n<p><a href=\"https:\/\/pea.lib.pte.hu\/bitstream\/handle\/pea\/23658\/gonda-kaposi-raffay-varga-a-vendeglatas-jovoje-pte-ktk-pecs-2020.pdf?sequence=1&amp;isAllowed=y\" target=\"_blank\" rel=\"noreferrer noopener\" data-type=\"URL\" data-id=\"https:\/\/pea.lib.pte.hu\/bitstream\/handle\/pea\/23658\/gonda-kaposi-raffay-varga-a-vendeglatas-jovoje-pte-ktk-pecs-2020.pdf?sequence=1&amp;isAllowed=y\">A vend\u00e9gl\u00e1t\u00e1s j\u00f6v\u0151je<\/a> \/ Gonda Tibor, Kaposi Zolt\u00e1n, Raffay Zolt\u00e1n, Varga Gabriella (2020)<\/p>\n\n\n\n<p><a href=\"https:\/\/www.turisztikaitanulmanyok.hu\/wp-content\/uploads\/2021\/09\/Vendeglatas_tanulmany.pdf\" target=\"_blank\" rel=\"noreferrer noopener\" data-type=\"URL\" data-id=\"https:\/\/www.turisztikaitanulmanyok.hu\/wp-content\/uploads\/2021\/09\/Vendeglatas_tanulmany.pdf\">A j\u00f6v\u0151 vend\u00e9gl\u00e1t\u00e1sa, a vend\u00e9gl\u00e1t\u00e1s j\u00f6v\u0151je<\/a> \/ Gonda Tibor, Nagy D\u00e1vid (2020)<\/p>\n\n\n\n<p><a href=\"https:\/\/nkerepo.uni-nke.hu\/xmlui\/bitstream\/handle\/123456789\/15986\/A%20videkbiztonsag%20turisztikai%20aspektusai.pdf\" target=\"_blank\" rel=\"noreferrer noopener\" data-type=\"URL\" data-id=\"https:\/\/nkerepo.uni-nke.hu\/xmlui\/bitstream\/handle\/123456789\/15986\/A%20videkbiztonsag%20turisztikai%20aspektusai.pdf\">A vid\u00e9kbiztons\u00e1g turisztikai aspektusai<\/a> \/ Moln\u00e1r Csilla (2020)<\/p>\n\n\n\n<p><a href=\"https:\/\/orfu.hu\/wp-content\/uploads\/A-vid%C3%A9ki-turizmusban-hasznos%C3%ADthat%C3%B3-kultur%C3%A1lis-%C3%A9rt%C3%A9kek-felt%C3%A1r%C3%A1sa-Baranya-megy%C3%A9ben.pdf\" target=\"_blank\" rel=\"noreferrer noopener\" data-type=\"URL\" data-id=\"https:\/\/orfu.hu\/wp-content\/uploads\/A-vid%C3%A9ki-turizmusban-hasznos%C3%ADthat%C3%B3-kultur%C3%A1lis-%C3%A9rt%C3%A9kek-felt%C3%A1r%C3%A1sa-Baranya-megy%C3%A9ben.pdf\">A vid\u00e9ki turizmusban hasznos\u00edthat\u00f3 kultur\u00e1lis \u00e9rt\u00e9kek felt\u00e1r\u00e1sa Baranya megy\u00e9ben<\/a> (2020)<\/p>\n\n\n\n<p><a href=\"https:\/\/www.mtafki.hu\/pdf\/Turizmus_Akademia_10_kotet.pdf\" target=\"_blank\" rel=\"noreferrer noopener\">Turizmus 3.0<\/a> \/ (szerk.) K\u00e1tay \u00c1kos, Michalk\u00f3 G\u00e1bor, R\u00e1tz Tamara (2019)<\/p>\n\n\n\n<p><a href=\"https:\/\/mstt.hu\/wp-content\/uploads\/2019\/10\/MSTFXVII-Sportturizmus-2018-1212.pdf\" target=\"_blank\" rel=\"noreferrer noopener\" data-type=\"URL\" data-id=\"https:\/\/mstt.hu\/wp-content\/uploads\/2019\/10\/MSTFXVII-Sportturizmus-2018-1212.pdf\">A sportturizmus gazdas\u00e1gi \u00e9s t\u00e1rsadalmi k\u00e9rd\u00e9sei Magyarorsz\u00e1gon<\/a> \/ (szerk.) Szab\u00f3 T\u00fcnde, B\u00e1nhidi Mikl\u00f3s, Sz\u0151ts G\u00e1bor (2018)<\/p>\n\n\n\n<p><a href=\"http:\/\/www.nski.hu\/admin\/data\/file\/20180109\/felvidek_turisztikai_jelentes.pdf\" target=\"_blank\" rel=\"noreferrer noopener\">A Felvid\u00e9k magyarlakta ter\u00fclet\u00e9n m\u0171k\u00f6d\u0151 turisztikai szervezeti rendszer vizsg\u00e1lata : a K\u00e1rp\u00e1t-medencei turisztikai desztin\u00e1ci\u00f3 menedzsment rendszer fejleszt\u00e9s\u00e9re ir\u00e1nyul\u00f3 javaslat II. projektje (kutat\u00e1si jelent\u00e9s, 2018)<\/a> \/ Nemzetstrat\u00e9giai Kutat\u00f3int\u00e9zet<\/p>\n\n\n\n<p><a href=\"https:\/\/szimbiozis.net\/public\/assets\/pages\/attachments\/20\/BE_Fogad__.pdf\" target=\"_blank\" rel=\"noreferrer noopener\">Be-fogad\u00f3: Speci\u00e1lis turisztikai kezdem\u00e9nyez\u00e9sek Magyarorsz\u00e1gon<\/a> \/ (szerk.) Jakubinyi L\u00e1szl\u00f3 (2018)<\/p>\n\n\n\n<p><a href=\"https:\/\/geo.unideb.hu\/sites\/default\/files\/upload_documents\/teljes_kotet_web.pdf\" target=\"_blank\" rel=\"noreferrer noopener\">Falu-v\u00e1ros-perif\u00e9ria: hat\u00e1ron innen \u00e9s t\u00fal<\/a> \/ (szerk.) P\u00e9nzes J\u00e1nos (2018)<\/p>\n\n\n\n<p><a href=\"http:\/\/mek.oszk.hu\/18000\/18016\/18016.pdf\" target=\"_blank\" rel=\"noreferrer noopener\">Turistacsalogat\u00f3: \u00d6koturisztikai k\u00e9zik\u00f6nyv vid\u00e9ki k\u00e9zm\u0171ves v\u00e1llalkoz\u00f3knak \u00e9s turisztikai szerepl\u0151knek<\/a><\/p>\n\n\n\n<p><a href=\"http:\/\/www.mtafki.hu\/konyvtar\/kiadv\/Turizmus_es_transzformacio2017.pdf\" target=\"_blank\" rel=\"noreferrer noopener\">Turizmus \u00e9s transzform\u00e1ci\u00f3<\/a> \/ R\u00e9gi Tam\u00e1s, R\u00e1cz Tamara, Michalk\u00f3 G\u00e1bor (2017)<\/p>\n\n\n\n<p><a href=\"https:\/\/mek.oszk.hu\/24600\/24661\/24661.pdf\" target=\"_blank\" rel=\"noreferrer noopener\" data-type=\"URL\" data-id=\"https:\/\/mek.oszk.hu\/24600\/24661\/24661.pdf\">Gasztron\u00f3mia \u00e9s turizmus<\/a> \/ (szerk.) R\u00e1tz Tamara, F\u00fcreder Bal\u00e1zs (2016)<\/p>\n\n\n\n<p><a href=\"http:\/\/mek.oszk.hu\/16600\/16658\/16658.pdf\" target=\"_blank\" rel=\"noreferrer noopener\">A turisztikai term\u00e9kfejleszt\u00e9s elm\u00e9leti alapjai<\/a> \/ Gonda Tibor (2016)<\/p>\n\n\n\n<p><a href=\"https:\/\/pea.lib.pte.hu\/handle\/pea\/15515\" target=\"_blank\" rel=\"noreferrer noopener\">F\u00fcrd\u0151telep\u00fcl\u00e9sek versenyk\u00e9pess\u00e9gi vizsg\u00e1lata n\u00e9h\u00e1ny magyar \u00e9s K\u00f6z\u00e9p-eur\u00f3pai r\u00e9gi\u00f3ban<\/a> \/ Bakucz M\u00e1rta (2016)<\/p>\n\n\n\n<p><a href=\"https:\/\/www.ksh.hu\/docs\/hun\/xftp\/idoszaki\/pdf\/tokaji_borvid.pdf\" target=\"_blank\" rel=\"noreferrer noopener\">A vil\u00e1g\u00f6r\u00f6ks\u00e9g r\u00e9sz\u00e9t k\u00e9pez\u0151 Tokaji borvid\u00e9k<\/a> (KSH, 2016)<\/p>\n\n\n\n<p><a href=\"http:\/\/www.tbft.hu\/wp-content\/uploads\/2016\/06\/Hagyom%C3%A1ny-Term%C3%A9szet-Modernit%C3%A1s_A-Tokaji-borvid%C3%A9k-bemutat%C3%A1sa.pdf\" target=\"_blank\" rel=\"noreferrer noopener\">A Tokaji borvid\u00e9k bemutat\u00e1sa<\/a> (2016)<\/p>\n\n\n\n<p><a href=\"http:\/\/zeus.nyf.hu\/~foldrajz\/konyvek\/hanusz70.pdf\" target=\"_blank\" rel=\"noreferrer noopener\">A v\u00e1ltoz\u00f3 vil\u00e1g XXI. sz\u00e1zadi kih\u00edv\u00e1sai<\/a> \/ (szerk.) K\u00f3kai S\u00e1ndor (2016)<\/p>\n\n\n\n<p><a href=\"http:\/\/www.nyf.hu\/foldrajz\/sites\/www.nyf.hu.foldrajz\/files\/oktatasi_segedanyagok\/konyvek\/teljes_bw.pdf\" target=\"_blank\" rel=\"noreferrer noopener\">A K\u00e1rp\u00e1t-medence t\u00f6rt\u00e9neti vall\u00e1sf\u00f6ldrajza<\/a> \/&nbsp;(szerk.) G\u00e1l Andr\u00e1s, Frisny\u00e1k S\u00e1ndor, K\u00f3kai S\u00e1ndor (2016)<\/p>\n\n\n\n<p><a href=\"http:\/\/unipub.lib.uni-corvinus.hu\/1970\/1\/metropolitantour_2015.pdf\" target=\"_blank\" rel=\"noreferrer noopener\">Metropolitan Tourism Experience Development : Selected studies from the Tourism Network Workshop of the Regional Studies Association, held in Budapest, Hungary<\/a> \/ (szerk.) Istv\u00e1n T\u00f3zsa &#8211; Anita Z\u00e1tori (2015)<\/p>\n\n\n\n<p><a href=\"http:\/\/unipub.lib.uni-corvinus.hu\/1614\/1\/Turizmus_es_telepulesmarketing.pdf\" target=\"_blank\" rel=\"noreferrer noopener\">Turizmus \u00e9s telep\u00fcl\u00e9smarketing<\/a> \/ T\u00f3zsa Istv\u00e1n (2014)<\/p>\n\n\n\n<p><a href=\"http:\/\/mek.oszk.hu\/14600\/14691\/14691.pdf\" target=\"_blank\" rel=\"noreferrer noopener\">Egy vid\u00e9ki \u00e9lm\u00e9nygazdas\u00e1g sz\u00fclet\u00e9se: A Vill\u00e1nyi-Sikl\u00f3si Bor\u00fat<\/a> \/Kov\u00e1cs Dezs\u0151 (2014)<\/p>\n\n\n\n<p><a href=\"http:\/\/zeus.nyf.hu\/~foldrajz\/konyvek\/Eletkepes_bokortanyak.pdf\" target=\"_blank\" rel=\"noreferrer noopener\">\u00c9letk\u00e9pes bokortany\u00e1k<\/a> \/&nbsp;B\u00e1cskain\u00e9 Pristy\u00e1k Erika (2014)<\/p>\n\n\n\n<p><a href=\"http:\/\/www.foldrajzitarsasag.hu\/downloads\/2014_jollet_es_turizmus.pdf\" target=\"_blank\" rel=\"noreferrer noopener\">J\u00f3(l)l\u00e9t \u00e9s turizmus : utaz\u00f3k, term\u00e9kek \u00e9s desztin\u00e1ci\u00f3k a boldogs\u00e1g \u00e9s a boldogul\u00e1s kontextus\u00e1ban<\/a> \/ Michalk\u00f3 G\u00e1bor, R\u00e1tz Tamara (2013)<\/p>\n\n\n\n<p><a href=\"http:\/\/zeus.nyf.hu\/~foldrajz\/konyvek\/szerencs_2013.pdf\" target=\"_blank\" rel=\"noreferrer noopener\">K\u00e1rp\u00e1t-medence : term\u00e9szet, t\u00e1rsadalom, gazdas\u00e1g<\/a> \/ (szerk.) Frisny\u00e1k S\u00e1ndor, G\u00e1l Andr\u00e1s (2013)<\/p>\n\n\n\n<p><a href=\"http:\/\/zeus.nyf.hu\/~foldrajz\/konyvek\/tdm_2012.pdf\" target=\"_blank\" rel=\"noreferrer noopener\">A turizmus ter\u00fcleti dimenzi\u00f3i<\/a> \/ (szerk.) Hanusz \u00c1rp\u00e1d (2012)<\/p>\n\n\n\n<p><a href=\"http:\/\/zeus.nyf.hu\/~foldrajz\/konyvek\/tokaj_hegyaljai_borvidek.pdf\" target=\"_blank\" rel=\"noreferrer noopener\">Tokaj-hegyaljai borvid\u00e9k : haz\u00e1nk els\u0151 t\u00f6rt\u00e9neti t\u00e1ja<\/a> \/ (szerk.) Frisny\u00e1k S\u00e1ndor, G\u00e1l Andr\u00e1s (2012)<\/p>\n\n\n\n<p><a href=\"http:\/\/www.mtafki.hu\/konyvtar\/kiadv\/Egeszsegturizmus_kotet.pdf\" target=\"_blank\" rel=\"noreferrer noopener\">Eg\u00e9szs\u00e9gturizmus \u00e9s \u00e9letmin\u0151s\u00e9g Magyarorsz\u00e1gon (2011)<\/a> \/ Michalk\u00f3 G\u00e1bor, R\u00e1tz Tamara<\/p>\n\n\n\n<p><a href=\"http:\/\/www.eturizmus.pte.hu\/szakmai-anyagok\/Turizmusmenedzsment\/book.html\" target=\"_blank\" rel=\"noreferrer noopener\">Turizmus-menedzsment<\/a> \/ Aubert Antal (2011)<\/p>\n\n\n\n<p><a href=\"http:\/\/www.eturizmus.pte.hu\/szakmai-anyagok\/Magyarorsz%C3%A1g%20idegenforgalmi%20r%C3%A9gi%C3%B3i\/book.html\" target=\"_blank\" rel=\"noreferrer noopener\">Magyarorsz\u00e1g turisztikai r\u00e9gi\u00f3i<\/a> \/ D\u00e1vid L\u00f3r\u00e1nt (2011)<\/p>\n\n\n\n<p><a href=\"http:\/\/zeus.nyf.hu\/~foldrajz\/konyvek\/tdm_2011.pdf\" target=\"_blank\" rel=\"noreferrer noopener\">A helyi TDM szervezetek szerepe a desztin\u00e1ci\u00f3 turisztikai k\u00edn\u00e1lat\u00e1nak fejleszt\u00e9s\u00e9ben<\/a> \/ (szerk.) Hanusz \u00c1rp\u00e1d (2011)<\/p>\n\n\n\n<p><a href=\"http:\/\/www.eturizmus.pte.hu\/szakmai-anyagok\/Turisztikai%20term%C3%A9ktervez%C3%A9s%20%C3%A9s%20fejleszt%C3%A9s\/book.html\" target=\"_blank\" rel=\"noreferrer noopener\">Turisztikai term\u00e9ktervez\u00e9s \u00e9s fejleszt\u00e9s<\/a> \/ Michalk\u00f3 G\u00e1bor (2011)<\/p>\n\n\n\n<p><a href=\"http:\/\/www.eturizmus.pte.hu\/szakmai-anyagok\/Design%20and%20development%20of%20touristic%20products\/book.html\" target=\"_blank\" rel=\"noreferrer noopener\">Design and development of touristic products<\/a> \/ Michalk\u00f3 G\u00e1bor (2011)<\/p>\n\n\n\n<p><a href=\"http:\/\/zeus.nyf.hu\/~foldrajz\/konyvek\/hanusz_65.pdf\" target=\"_blank\" rel=\"noreferrer noopener\">Geogr\u00e1fiai folyamatok t\u00e9rben \u00e9s id\u0151ben<\/a> \/ (szerk.) K\u00f3kai S\u00e1ndor (2011)<\/p>\n\n\n\n<p><a href=\"http:\/\/www.eturizmus.pte.hu\/szakmai-anyagok\/Turizmus%20kutat%C3%A1sok%20m%C3%B3dszertana\/book.html\" target=\"_blank\" rel=\"noreferrer noopener\">Turizmus kutat\u00e1sok m\u00f3dszertana<\/a> \/ K\u00f3r\u00f3di M\u00e1rta (2011)<\/p>\n\n\n\n<p><a href=\"http:\/\/www.eturizmus.pte.hu\/szakmai-anyagok\/Turizmus%20%C3%A9s%20k%C3%B6zleked%C3%A9s\/book.html\" target=\"_blank\" rel=\"noreferrer noopener\">Turizmus \u00e9s k\u00f6zleked\u00e9s<\/a> \/ Veres Lajos (2011)<\/p>\n\n\n\n<p><a href=\"http:\/\/zeus.nyf.hu\/~foldrajz\/konyvek\/tdm_2010.pdf\" target=\"_blank\" rel=\"noreferrer noopener\">A helyi \u00e9s t\u00e9rs\u00e9gi TDM szervezetek helye \u00e9s szerepe a vid\u00e9k turizmusir\u00e1ny\u00edt\u00e1s\u00e1ban<\/a> \/ (szerk.) Hanusz \u00c1rp\u00e1d (2010)<\/p>\n\n\n\n<p><a href=\"http:\/\/www.mtafki.hu\/konyvtar\/kiadv\/Boldogito.pdf\" target=\"_blank\" rel=\"noreferrer noopener\">Boldog\u00edt\u00f3 utaz\u00e1s (2010)<\/a> \/ Michalk\u00f3 G\u00e1bor<\/p>\n\n\n\n<p><a href=\"http:\/\/p2014-5.palyazat.ektf.hu\/public\/uploads\/turisztikai-eroforrasok-van-benne-egy-csik_56c5cd3530505.pdf\" target=\"_blank\" rel=\"noreferrer noopener\">Turisztikai er\u0151forr\u00e1sok: a f\u00f6ldrajzi alapokt\u00f3l a term\u00e9kfejleszt\u00e9sig<\/a><\/p>\n\n\n\n<p><a href=\"http:\/\/zeus.nyf.hu\/~foldrajz\/konyvek\/tdm_2009.pdf\" target=\"_blank\" rel=\"noreferrer noopener\">Turisztikai desztin\u00e1ci\u00f3 : &#8222;desztin\u00e1ci\u00f3s menedzsment&#8221;<\/a> \/ (szerk.) Hanusz \u00c1rp\u00e1d (2009)<\/p>\n\n\n\n<p><a href=\"http:\/\/zeus.nyf.hu\/~foldrajz\/konyvek\/tdm_2008.pdf\" target=\"_blank\" rel=\"noreferrer noopener\">A turizmus szerepe a kist\u00e9rs\u00e9gek \u00e9s a r\u00e9gi\u00f3k gazdas\u00e1gi felz\u00e1rk\u00f3ztat\u00e1s\u00e1ban<\/a> \/ (szerk.) Hanusz \u00c1rp\u00e1d (2008)<\/p>\n\n\n\n<p><a href=\"https:\/\/www.kodolanyi.hu\/konyvtar\/images\/tartalom\/File\/kiadvanyok\/david_jancsik_ratz_turisztikai_eroforrasok_2.pdf\" target=\"_blank\" rel=\"noreferrer noopener\">Turisztikai er\u0151forr\u00e1sok : a term\u00e9szeti \u00e9s kultur\u00e1lis er\u0151forr\u00e1sok turisztikai hasznos\u00edt\u00e1sa<\/a> \/ (szerk.) D\u00e1vid L\u00f3r\u00e1nt (2007)<\/p>\n\n\n\n<p><a href=\"http:\/\/zeus.nyf.hu\/~foldrajz\/konyvek\/hanusz_60.pdf\" target=\"_blank\" rel=\"noreferrer noopener\">Turizmus \u00e9s f\u00f6ldrajz<\/a> \/ (szerk.) K\u00f3kai S\u00e1ndor (2006)<\/p>\n\n\n\n<h4 class=\"wp-block-heading\" id=\"strategia\">Strat\u00e9gi\u00e1k, fejleszt\u00e9si koncepci\u00f3k<\/h4>\n\n\n\n<p><a href=\"https:\/\/aofk.hu\/wp-content\/uploads\/2023\/06\/nemzeti-aktiv-turisztikai-strategia-2030-fin.pdf\" target=\"_blank\" rel=\"noreferrer noopener\" data-type=\"URL\" data-id=\"https:\/\/aofk.hu\/wp-content\/uploads\/2023\/06\/nemzeti-aktiv-turisztikai-strategia-2030-fin.pdf\">Nemzeti Akt\u00edv Turisztikai Strat\u00e9gia 2030<\/a><\/p>\n\n\n\n<p><a href=\"https:\/\/mtu.gov.hu\/dokumentumok\/NTS2030_Turizmus2.0-Strategia.pdf\" target=\"_blank\" rel=\"noreferrer noopener\" data-type=\"URL\" data-id=\"https:\/\/mtu.gov.hu\/dokumentumok\/NTS2030_Turizmus2.0-Strategia.pdf\">Nemzeti Turizmusfejleszt\u00e9si Strat\u00e9gia 2030 &#8211; Turizmus 2.0<\/a> (MT\u00dc)<\/p>\n\n\n\n<p><a href=\"https:\/\/njt.hu\/document\/24\/243920144130000001_1.PDF\" target=\"_blank\" rel=\"noreferrer noopener\">Orsz\u00e1gos Fejleszt\u00e9si \u00e9s Ter\u00fcletfejleszt\u00e9si Koncepci\u00f3 2030<\/a><\/p>\n\n\n\n<p><a href=\"http:\/\/www.termeszetvedelem.hu\/_user\/browser\/File\/Naturpark\/Naturpark_fejlesztesi_koncepcio_2015_2030.pdf\" target=\"_blank\" rel=\"noreferrer noopener\">A magyarorsz\u00e1gi nat\u00farparkok fejleszt\u00e9si koncepci\u00f3ja 2015-2030<\/a><\/p>\n\n\n\n<p><a href=\"http:\/\/magyarturisztikaiszovetseg.hu\/2018\/02\/23\/kf-a-karpat-medence-turizmusaban\/\" target=\"_blank\" rel=\"noreferrer noopener\">Kutat\u00e1s-fejleszt\u00e9s \u00e9s innov\u00e1ci\u00f3 a turizmusban 2015-2017<\/a><\/p>\n\n\n\n<p><a href=\"http:\/\/www.terport.hu\/webfm_send\/3_kulturalis_turizmus_fejlesztesi_strategia%5b2%5d.pdf_%3b\" target=\"_blank\" rel=\"noreferrer noopener\">Kultur\u00e1lis turizmus fejleszt\u00e9si strat\u00e9gia 2009-2013<\/a><\/p>\n\n\n\n<p><a href=\"http:\/\/www.regiofokusz.hu\/pdf\/365_nap_turizmus.pdf\" target=\"_blank\" rel=\"noreferrer noopener\">365 nap turizmus Nyugat-Dun\u00e1nt\u00falon<\/a> (2009)<\/p>\n\n\n\n<p><a href=\"http:\/\/2010-2014.kormany.hu\/download\/3\/a0\/30000\/Kerekparos%20turizmus%20strategia_egyeztetett_12.21.pdf#!DocumentBrowse\" target=\"_blank\" rel=\"noreferrer noopener\">A ker\u00e9kp\u00e1ros turizmus fejleszt\u00e9si strat\u00e9gi\u00e1ja<\/a> (2009)<\/p>\n\n\n\n<p><a href=\"http:\/\/www.termeszetvedelem.hu\/_user\/downloads\/okoturizmus\/okoturizmus_strategia_X.pdf\" target=\"_blank\" rel=\"noreferrer noopener\">Orsz\u00e1gos \u00f6koturizmus fejleszt\u00e9si strat\u00e9gia<\/a> (2008)<\/p>\n\n\n\n<p><a href=\"http:\/\/2010-2014.kormany.hu\/download\/3\/6c\/20000\/Lovas%20strategia.pdf#!DocumentBrowse\" target=\"_blank\" rel=\"noreferrer noopener\">Lovas turizmus term\u00e9kfejleszt\u00e9si strat\u00e9gia 2007-2013<\/a><\/p>\n\n\n\n<p><strong>Szak\u00e1csk\u00f6nyvek:<\/strong><\/p>\n\n\n\n<p>&nbsp;<a href=\"http:\/\/mek.oszk.hu\/00100\/00130\/00130.pdf\" target=\"_blank\" rel=\"noreferrer noopener\">Kun \u00c1kos: Eg\u00e9szs\u00e9gk\u00edm\u00e9l\u0151 \u00e9telek \u00ednyenceknek<\/a>&nbsp;<\/p>\n\n\n\n<p>&nbsp;<a href=\"http:\/\/mek.oszk.hu\/13500\/13542\/13542.pdf\" target=\"_blank\" rel=\"noreferrer noopener\">Nagy Vendel: \u00cdzes&nbsp;t\u00f6rt\u00e9netek<\/a>&nbsp;<\/p>\n\n\n\n<p>&nbsp;<a href=\"http:\/\/mek.oszk.hu\/16900\/16977\/16977.pdf\" target=\"_blank\" rel=\"noreferrer noopener\">Nagy Vendel: \u00cdzes t\u00f6rt\u00e9netek, 2. k\u00f6tet<\/a>&nbsp;<\/p>\n\n\n\n<p>&nbsp;<a href=\"http:\/\/mek.oszk.hu\/17800\/17845\/17845.pdf\" target=\"_blank\" rel=\"noreferrer noopener\">R\u00e9gi magyar \u00e9tkek<\/a>&nbsp;<\/p>\n\n\n\n<p>&nbsp;<a href=\"http:\/\/mek.oszk.hu\/04400\/04467\/04467.pdf\" target=\"_blank\" rel=\"noreferrer noopener\">Stef\u00e1nia \u00c9tterem Receptf\u00fczet &#8211; V\u00e1logat\u00e1s a magyar&nbsp;gasztron\u00f3mia<\/a><a href=\"http:\/\/mek.oszk.hu\/04400\/04467\/04467.pdf\" target=\"_blank\" rel=\"noreferrer noopener\">&nbsp;remekeib\u0151l<\/a>&nbsp;<\/p>\n\n\n\n<p>&nbsp;<a href=\"http:\/\/mek.oszk.hu\/08300\/08343\/08343.pdf\" target=\"_blank\" rel=\"noreferrer noopener\">Szak\u00e1csmesters\u00e9gnek k\u00f6nyvecsk\u00e9je<\/a>&nbsp;<\/p>\n\n\n\n<p>&nbsp;<a href=\"http:\/\/mek.oszk.hu\/13100\/13109\/13109.pdf\" target=\"_blank\" rel=\"noreferrer noopener\">Zilahy&nbsp;\u00c1gnes: Erd\u00e9lyi konyha<\/a><\/p>\n\n\n\n<p><strong>Vend\u00e9gl\u00e1t\u00e1s:<\/strong><\/p>\n\n\n\n<p><a href=\"https:\/\/www.tankonyvtar.hu\/hu\/tartalom\/tamop425\/0010_1A_Book_17_Termekminosites_es_termekhigienia\/ch01s06.html\" target=\"_blank\" rel=\"noreferrer noopener\">Dr. J\u00e1vor Andr\u00e1s, Dr. Szigeti Jen\u0151: Term\u00e9kmin\u0151s\u00edt\u00e9s \u00e9s term\u00e9khigi\u00e9nia<\/a><\/p>\n\n\n\n<p><a href=\"https:\/\/elelmiszerlanc.kormany.hu\/download\/2\/64\/b1000\/2-1_1969.pdf\" target=\"_blank\" rel=\"noreferrer noopener\">Magyar \u00c9lelmiszerk\u00f6nyv: A Vesz\u00e9lyelemz\u00e9s, Kritikus Szab\u00e1lyoz\u00e1si Pontok (HACCP) rendszer \u00e9s alkalmaz\u00e1s\u00e1nak \u00fatmutat\u00f3ja<\/a>&nbsp;<\/p>\n\n\n\n<p><a href=\"https:\/\/portal.nebih.gov.hu\/documents\/10182\/406632\/GHP_press_low.pdf\/36f7dfad-0890-4950-b5e6-58bd71418b99\" target=\"_blank\" rel=\"noreferrer noopener\">\u00datmutat\u00f3 a vend\u00e9gl\u00e1t\u00e1s \u00e9s \u00e9tkeztet\u00e9s j\u00f3 higi\u00e9niai gyakorlat\u00e1hoz<\/a><\/p>\n\n\n\n<p><a href=\"https:\/\/www.turisztikaitanulmanyok.hu\/wp-content\/uploads\/2021\/09\/Vendeglatas_tanulmany.pdf\">A j\u00f6v\u0151 vend\u00e9gl\u00e1t\u00e1sa, a vend\u00e9gl\u00e1t\u00e1s j\u00f6v\u0151je: Az \u00e9rintett v\u00e1llalkoz\u00e1sok k\u00f6r\u00e9ben megval\u00f3s\u00edtott region\u00e1lis kutat\u00e1s eredm\u00e9nyeinek szerkesztett v\u00e1ltozata<\/a><\/p>\n\n\n\n<p><a href=\"https:\/\/pea.lib.pte.hu\/bitstream\/handle\/pea\/23658\/gonda-kaposi-raffay-varga-a-vendeglatas-jovoje-pte-ktk-pecs-2020.pdf?sequence=1&amp;isAllowed=y\">Gonda Tibor, Kaposi Zolt\u00e1n, Raffay Zolt\u00e1n, Varga Gabriella: A vend\u00e9gl\u00e1t\u00e1s j\u00f6v\u0151je<\/a><\/p>\n\n\n\n<p><a href=\"https:\/\/www.gyeregyalog.hu\/dox\/gonda.pdf\">Gonda Tibor szerk.: A vend\u00e9gl\u00e1t\u00e1s id\u0151szer\u0171 k\u00e9rd\u00e9sei<\/a><\/p>\n\n\n\n<p><a href=\"https:\/\/www.gstc.org\/wp-content\/uploads\/GSTC_MICE_Criteria_Hungarian.pdf\">GSTC MICE Krit\u00e9riumok<\/a><\/p>\n\n\n\n<p><\/p>\n","protected":false},"excerpt":{"rendered":"<p>Online el\u00e9rhet\u0151&nbsp;dokumentumok Adatb\u00e1zisok: K\u00f6zgazdas\u00e1g- \u00e9s Region\u00e1lis Tudom\u00e1nyi Kutat\u00f3k\u00f6zpont Adatbank Bor, bor\u00e1szat: &nbsp;A magyarorsz\u00e1gi sz\u0151l\u0151-bor \u00e1gazat strar\u00e9gi\u00e1ja &nbsp;A Tokaji borvid\u00e9k bemutat\u00e1sa&nbsp; &nbsp;A&nbsp;vil\u00e1g\u00f6r\u00f6ks\u00e9g r\u00e9sz\u00e9t k\u00e9pez\u0151 Tokaji borvid\u00e9k&nbsp; &nbsp;Bork\u00f3stol\u00e1s alapjai&nbsp; &nbsp;Madeline&nbsp;Puckette,&nbsp;Justin&nbsp;Hammacka:&nbsp;A bor nagyk\u00f6nyve (HVG k\u00f6nyvek)&nbsp;&nbsp; &nbsp;Magyar bormarketing \u00e9s&nbsp;borfogyaszt\u00e1s Kiss Kl\u00e1ra \u00c1gnes&nbsp; &nbsp;Magyarorsz\u00e1g borvid\u00e9kei (2014)&nbsp; &nbsp;Magyarorsz\u00e1g sz\u0151l\u00e9szet\u00e9nek \u00e9s bor\u00e1szat\u00e1nak helyzete &#8211; H\u00e1tt\u00e9rtanulm\u00e1ny az \u00e1gazati strat\u00e9gi\u00e1hoz&nbsp; &nbsp;Teleki Bal\u00e1zs, Csipk\u00e9s Margit Magyarorsz\u00e1g sz\u0151l\u0151- \u00e9s bor-\u00e1gazat\u00e1nak \u00e1ttekint\u00e9se az elm\u00falt 5 \u00e9vben (2017) Eg\u00e9szs\u00e9g:,&nbsp;t\u00e1pl\u00e1lkoz\u00e1s, \u00e9rz\u00e9kenys\u00e9g: &nbsp;B\u0151cs \u00c9va [et&nbsp;al.] : Egyem vagy ne egyem?&nbsp;&nbsp; &nbsp;Brassai Zolt\u00e1n, Brassai Attila, Kelemen Piroska: Fejezetek a cukorbetegs\u00e9g t\u00f6rt\u00e9net\u00e9b\u0151l&nbsp;&hellip;<\/p>\n","protected":false},"author":1,"featured_media":0,"parent":0,"menu_order":0,"comment_status":"closed","ping_status":"closed","template":"","meta":{"_uag_custom_page_level_css":"","footnotes":""},"class_list":["post-198","page","type-page","status-publish","hentry"],"uagb_featured_image_src":{"full":false,"thumbnail":false,"medium":false,"medium_large":false,"large":false,"news_plugin_small":false,"tf-client-image-size":false,"1536x1536":false,"2048x2048":false,"trp-custom-language-flag":false,"post-thumbnail":false,"idolcorp-full-width":false,"idolcorp-ourfeatures-thumb":false,"idolcorp-mediumblog-thumb":false},"uagb_author_info":{"display_name":"admin","author_link":"https:\/\/konyvtar-kvik.uni-bge.hu\/en\/author\/admin\/"},"uagb_comment_info":0,"uagb_excerpt":"Online el\u00e9rhet\u0151&nbsp;dokumentumok Adatb\u00e1zisok: K\u00f6zgazdas\u00e1g- \u00e9s Region\u00e1lis Tudom\u00e1nyi Kutat\u00f3k\u00f6zpont Adatbank Bor, bor\u00e1szat: &nbsp;A magyarorsz\u00e1gi sz\u0151l\u0151-bor \u00e1gazat strar\u00e9gi\u00e1ja &nbsp;A Tokaji borvid\u00e9k bemutat\u00e1sa&nbsp; &nbsp;A&nbsp;vil\u00e1g\u00f6r\u00f6ks\u00e9g r\u00e9sz\u00e9t k\u00e9pez\u0151 Tokaji borvid\u00e9k&nbsp; &nbsp;Bork\u00f3stol\u00e1s alapjai&nbsp; &nbsp;Madeline&nbsp;Puckette,&nbsp;Justin&nbsp;Hammacka:&nbsp;A bor nagyk\u00f6nyve (HVG k\u00f6nyvek)&nbsp;&nbsp; &nbsp;Magyar bormarketing \u00e9s&nbsp;borfogyaszt\u00e1s Kiss Kl\u00e1ra \u00c1gnes&nbsp; &nbsp;Magyarorsz\u00e1g borvid\u00e9kei (2014)&nbsp; &nbsp;Magyarorsz\u00e1g sz\u0151l\u00e9szet\u00e9nek \u00e9s bor\u00e1szat\u00e1nak helyzete &#8211; H\u00e1tt\u00e9rtanulm\u00e1ny az \u00e1gazati strat\u00e9gi\u00e1hoz&nbsp; &nbsp;Teleki Bal\u00e1zs, Csipk\u00e9s Margit&hellip;","_links":{"self":[{"href":"https:\/\/konyvtar-kvik.uni-bge.hu\/en\/wp-json\/wp\/v2\/pages\/198","targetHints":{"allow":["GET"]}}],"collection":[{"href":"https:\/\/konyvtar-kvik.uni-bge.hu\/en\/wp-json\/wp\/v2\/pages"}],"about":[{"href":"https:\/\/konyvtar-kvik.uni-bge.hu\/en\/wp-json\/wp\/v2\/types\/page"}],"author":[{"embeddable":true,"href":"https:\/\/konyvtar-kvik.uni-bge.hu\/en\/wp-json\/wp\/v2\/users\/1"}],"replies":[{"embeddable":true,"href":"https:\/\/konyvtar-kvik.uni-bge.hu\/en\/wp-json\/wp\/v2\/comments?post=198"}],"version-history":[{"count":16,"href":"https:\/\/konyvtar-kvik.uni-bge.hu\/en\/wp-json\/wp\/v2\/pages\/198\/revisions"}],"predecessor-version":[{"id":2314,"href":"https:\/\/konyvtar-kvik.uni-bge.hu\/en\/wp-json\/wp\/v2\/pages\/198\/revisions\/2314"}],"wp:attachment":[{"href":"https:\/\/konyvtar-kvik.uni-bge.hu\/en\/wp-json\/wp\/v2\/media?parent=198"}],"curies":[{"name":"wp","href":"https:\/\/api.w.org\/{rel}","templated":true}]}}